{"id":2219,"date":"2014-07-24T08:37:54","date_gmt":"2014-07-24T08:37:54","guid":{"rendered":"http:\/\/www.bcnweddingplanners.com\/de\/?page_id=2219"},"modified":"2015-01-30T11:58:10","modified_gmt":"2015-01-30T10:58:10","slug":"hochzeitsexperte","status":"publish","type":"page","link":"https:\/\/www.bcnweddingplanners.com\/de\/hochzeitsexperte\/","title":{"rendered":"Hochzeitsexperte"},"content":{"rendered":"<p>[et_pb_section][et_pb_row][et_pb_column type=&#8220;4_4&#8243;][et_pb_text admin_label=&#8220;Text&#8220; background_layout=&#8220;light&#8220; text_orientation=&#8220;left&#8220;]<\/p>\n<p style=\"text-align: justify;\"><a href=\"http:\/\/www.bcnweddingplanners.com\/de\/wp-content\/uploads\/sites\/9\/2014\/07\/wedding-expert_marta_priu.png\"><img decoding=\"async\" loading=\"lazy\" class=\"alignright wp-image-3528 \" style=\"margin-left: 5px;\" src=\"http:\/\/www.bcnweddingplanners.com\/de\/wp-content\/uploads\/sites\/9\/2014\/07\/wedding-expert_marta_priu.png\" alt=\"wedding-expert_marta_priu\" width=\"376\" height=\"279\" \/><\/a><strong>Marta Priu<\/strong> ist Publizistin der <strong>Universit\u00e4t Abad Oliba<\/strong> mit einem Master in Marketing und Kommunikation der Mode- und Luxusbranche, der von der Madrider Universit\u00e4t <strong>&#8222;Universidad Complutense\u201d<\/strong> und der Zeitschrift <strong>ELLE angeboten wird<\/strong>.<\/p>\n<p style=\"text-align: justify;\">Zudem gr\u00fcndete Marta Priu 2005 <strong>Bcn Wedding Planners<\/strong>, eines der ersten Unternehmen, das in Spanien das Konzept des Hochzeitsplaners als professioneller Designer und Organisator von Hochzeiten einf\u00fchrte. <strong>Marta Priu<\/strong> ist gegenw\u00e4rtig eine der renommiertesten Hochzeitsplanerinnen und -designerinnen in ganz Spanien.<\/p>\n<p style=\"text-align: justify;\">2007 gr\u00fcndete sie<strong> Bcn Event Planners<\/strong> (eine Agentur f\u00fcr die Gestaltung und Organisation von Firmenevents), zu deren Kunden bekannte nationale und internationale Unternehmen z\u00e4hlen, wie <strong>HP, Softonic, Swarovski, Prudential, Laboratorios Menarini, Privalia, Unicredit<\/strong>&#8230;<\/p>\n<p style=\"text-align: justify;\">2014 gr\u00fcndete sie zusammen mit anderen hervorragenden spanischen <strong>Hochzeitsplanerinnen die Spanische Vereinigung der Hochzeitsplaner und -designer (AEWP)<\/strong>, der sie gegenw\u00e4rtig als Pr\u00e4sidenten vorsitzt. Ebenso ist sie Mitglied der Unabh\u00e4ngige Vereinigung der Jungunternehmer Kataloniens (AIJEC) und gibt als Lehrerin Kurse f\u00fcr Hochzeitsplaner (eigene Ausbildung mit Unterricht f\u00fcr \u00fcber 100 Sch\u00fclerinnen in unterschiedlichen L\u00e4ndern).<\/p>\n<p><strong>Marta Priu<\/strong> wurde bereits von den angesehensten Medien des Landes interviewt, wie z. B. \u201e<a title=\"El mundo\" href=\"http:\/\/www.bcnweddingplanners.com\/de\/medios\/prensa\"><strong>El Mundo<\/strong><\/a>\u201c, \u201e<a title=\"La Vanguardia\" href=\"http:\/\/www.bcnweddingplanners.com\/de\/medios\/prensa\"><strong>La Vanguardia<\/strong><\/a>\u201c, \u201e<a title=\"El Periodico\" href=\"http:\/\/www.bcnweddingplanners.com\/de\/medios\/prensa\"><strong>El Peri\u00f3dico<\/strong><\/a>\u201c, \u201e<a title=\"RTVE\" href=\"http:\/\/www.bcnweddingplanners.com\/de\/medios\/radio-%C2%ADtv\/\"><strong>RTVE<\/strong><\/a>\u201c, \u201e<a title=\"TV3\" href=\"http:\/\/www.bcnweddingplanners.com\/de\/medios\/radio-%C2%ADtv\/\"><strong>TV3<\/strong><\/a>\u201c, usw. und hat an einer Vielzahl von Veranstaltungen als Hochzeitsplanerin und -designerin teilgenommen.<\/p>\n<p>2014 entscheidet sich<strong> Marta Priu<\/strong> dazu, dieses Projekt auf nationaler Ebene zu gr\u00fcnden, ein First-Class-Service f\u00fcr die anspruchsvollsten Kunden, die das besondere Etwas suchen.<\/p>\n<p>&nbsp;<\/p>\n<p>&nbsp;<\/p>\n<p>&nbsp;<\/p>\n<p>[\/et_pb_text][\/et_pb_column][\/et_pb_row][\/et_pb_section]<\/p>\n","protected":false},"excerpt":{"rendered":"<p><div class=\"et_pb_section et_pb_section_0 et_section_regular\" >\n\t\t\t\t\n\t\t\t\t\n\t\t\t\t\n\t\t\t\t\n\t\t\t\t\n\t\t\t\t\n\t\t\t\t\n\t\t\t\t\n\t\t\t\t\n\t\t\t<\/div><div class=\"et_pb_row et_pb_row_0 et_pb_row_empty\">\n\t\t\t\t\n\t\t\t\t\n\t\t\t\t\n\t\t\t\t\n\t\t\t\t\n\t\t\t<\/div> Marta Priu ist Publizistin der Universit\u00e4t Abad Oliba mit einem Master in Marketing und Kommunikation der Mode- und Luxusbranche, der von der Madrider Universit\u00e4t &#8222;Universidad Complutense\u201d und der Zeitschrift ELLE angeboten wird. Zudem gr\u00fcndete Marta Priu 2005 Bcn Wedding Planners, eines der ersten Unternehmen, das in Spanien das Konzept des Hochzeitsplaners als professioneller Designer [&hellip;]<\/p>\n","protected":false},"author":1,"featured_media":0,"parent":0,"menu_order":0,"comment_status":"open","ping_status":"open","template":"","meta":{"_et_pb_use_builder":"on","_et_pb_old_content":"<p style=\"text-align: justify;\"><strong>Marta Priu<\/strong> es Publicista por la <strong>Universidad Abad Oliba<\/strong> con un M\u00e1ster\u00a0en M\u00e1rketing y Comunicaci\u00f3n del sector de la Moda y del Lujo impartido por la <strong>Universidad Complutense de Madrid<\/strong> y la <strong>revista ELLE<\/strong>.<\/p><p style=\"text-align: justify;\">Fund\u00f3<strong> Bcn Wedding Planners<\/strong> en 2005 siendo una de las agencias pioneras en introducir en Espa\u00f1a el concepto del wedding planner, como profesional del dise\u00f1o y de la organizaci\u00f3n de bodas. <strong>Marta Priu<\/strong> es, en la actualidad, una <strong>Wedding Planner & Designer<\/strong> de reconocido prestigio en Espa\u00f1a.<\/p><p style=\"text-align: justify;\">En el a\u00f1o 2007 fund\u00f3 <strong><a href=\"http:\/\/www.bcneventplanners.com\">Bcn Event Planners<\/a>, <\/strong>una\u00a0agencia de dise\u00f1o y de organizaci\u00f3n de eventos corporativos, entre cuyos clientes se encuentran empresas de gran renombre Nacional e Internacional como<strong> HP, Swarovski, Prudential, Unicredit, Laboratorios Menarini, Privalia, Softonic...<\/strong><\/p><p style=\"text-align: justify;\"><strong>Marta,\u00a0<\/strong>es miembro de la \"<em><strong>Associaci\u00f3 Independent de Joves Empresaris de Catalunya<\/strong><\/em>\" (AIJEC) y, profesora en activo de cursos de wedding planner (formaci\u00f3n propia, con ense\u00f1anza a m\u00e1s de 100 alumnas de diferentes pa\u00edses).<\/p><p><strong>Marta Priu<\/strong> ha sido entrevistada por los medios de comunicaci\u00f3n m\u00e1s prestigiosos de Espa\u00f1a, tales como \u201c<a title=\"El mundo\" href=\"http:\/\/www.bcnweddingplanners.com\/de\/medios\/prensa\/\"><strong>El Mundo<\/strong><\/a>\u201d, \u201c<a title=\"La vanguardia\" href=\"http:\/\/www.bcnweddingplanners.com\/de\/medios\/prensa\/\"><strong>La Vanguardia<\/strong><\/a>\u201d, \u201c<a title=\"El peri\u00f3dico\" href=\"http:\/\/www.bcnweddingplanners.com\/de\/medios\/prensa\/\"><strong>El Peri\u00f3dico<\/strong><\/a>\u201d, \u201c<a title=\"TVE\" href=\"http:\/\/www.bcnweddingplanners.com\/de\/medios\/radio-%C2%ADtv\/\"><strong>RTVE<\/strong><\/a>\u201d, \u201c<a title=\"TV3\" href=\"http:\/\/www.bcnweddingplanners.com\/de\/medios\/radio-%C2%ADtv\/\"><strong>TV3<\/strong><\/a>\u201d\u2026, y ha participado en multitud de tertulias como experta Wedding Planner & Designer.<\/p><p><strong>Marta,\u00a0<\/strong>decide en 2010, empezar a gestar lo que en 2014 ha dado a luz, un proyecto a nivel Nacional, un servicio<em><strong> first class<\/strong><\/em> para los clientes m\u00e1s exclusivos y exigentes.<\/p><p>\u00a0<\/p>","_et_gb_content_width":""},"_links":{"self":[{"href":"https:\/\/www.bcnweddingplanners.com\/de\/wp-json\/wp\/v2\/pages\/2219"}],"collection":[{"href":"https:\/\/www.bcnweddingplanners.com\/de\/wp-json\/wp\/v2\/pages"}],"about":[{"href":"https:\/\/www.bcnweddingplanners.com\/de\/wp-json\/wp\/v2\/types\/page"}],"author":[{"embeddable":true,"href":"https:\/\/www.bcnweddingplanners.com\/de\/wp-json\/wp\/v2\/users\/1"}],"replies":[{"embeddable":true,"href":"https:\/\/www.bcnweddingplanners.com\/de\/wp-json\/wp\/v2\/comments?post=2219"}],"version-history":[{"count":28,"href":"https:\/\/www.bcnweddingplanners.com\/de\/wp-json\/wp\/v2\/pages\/2219\/revisions"}],"predecessor-version":[{"id":3918,"href":"https:\/\/www.bcnweddingplanners.com\/de\/wp-json\/wp\/v2\/pages\/2219\/revisions\/3918"}],"wp:attachment":[{"href":"https:\/\/www.bcnweddingplanners.com\/de\/wp-json\/wp\/v2\/media?parent=2219"}],"curies":[{"name":"wp","href":"https:\/\/api.w.org\/{rel}","templated":true}]}}